{"id":179,"date":"2019-09-29T11:25:40","date_gmt":"2019-09-29T11:25:40","guid":{"rendered":"https:\/\/codeless.co\/regn\/medical\/?page_id=179"},"modified":"2025-03-05T11:36:46","modified_gmt":"2025-03-05T10:36:46","slug":"historia","status":"publish","type":"page","link":"https:\/\/cirzem.pl\/index.php\/historia\/","title":{"rendered":"Historia"},"content":{"rendered":"<p>[vc_row][vc_column][vc_empty_space height=&#8221;20px&#8221;][vc_row_inner][vc_column_inner width=&#8221;1\/2&#8243;][vc_custom_heading text=&#8221;Historia Cz\u0119stochowskiej Izby Rzemios\u0142a i Przedsi\u0119biorczo\u015bci&#8221; font_container=&#8221;tag:h3|font_size:38px|text_align:left|color:%230a0a0a&#8221; google_fonts=&#8221;font_family:Roboto%3A100%2C100italic%2C300%2C300italic%2Cregular%2Citalic%2C500%2C500italic%2C700%2C700italic%2C900%2C900italic|font_style:400%20regular%3A400%3Anormal&#8221; css=&#8221;.vc_custom_1675343856298{margin-bottom: 20px !important;}&#8221;][vc_column_text]Izba Rzemie\u015blnicza w Cz\u0119stochowie utworzona zosta\u0142a z dniem 1 stycznia 1978 roku decyzj\u0105 Centralnego Zwi\u0105zku Rzemios\u0142a Polskiego w Warszawie na podstawie Uchwa\u0142y Nr 39 w porozumieniu z wojewod\u0105 cz\u0119stochowskim.<\/p>\n<p>Dzia\u0142o si\u0119 to trzy lata po dokonaniu nowego podzia\u0142u administracyjnego kraju i utworzeniu wojew\u00f3dztwa cz\u0119stochowskiego dostosowuj\u0105c struktur\u0119 organizacji rzemios\u0142a do nowego podzia\u0142u administracji pa\u0144stwowej.[\/vc_column_text][vc_empty_space height=&#8221;10px&#8221;][\/vc_column_inner][vc_column_inner width=&#8221;1\/2&#8243;]<div class=\"grve-element grve-image grve-align-center\" style=\"\"><img loading=\"lazy\" decoding=\"async\" width=\"480\" height=\"358\" src=\"https:\/\/cirzem.pl\/wp-content\/uploads\/2021\/01\/normal_083_IIaleja_1910.jpg\" class=\"attachment-full size-full\" alt=\"\" srcset=\"https:\/\/cirzem.pl\/wp-content\/uploads\/2021\/01\/normal_083_IIaleja_1910.jpg 480w, https:\/\/cirzem.pl\/wp-content\/uploads\/2021\/01\/normal_083_IIaleja_1910-300x224.jpg 300w\" sizes=\"auto, (max-width: 480px) 100vw, 480px\" \/><\/div>[\/vc_column_inner][\/vc_row_inner][vc_column_text]W 1978 r. na terenie wojew\u00f3dztwa cz\u0119stochowskiego czynnych by\u0142o 5.800 warsztat\u00f3w, zatrudniaj\u0105cych dziesi\u0119\u0107 tysi\u0119cy dziewi\u0119\u0107set os\u00f3b, w tym tysi\u0105c osiemset trzydziestu uczni\u00f3w. Zak\u0142ady te zrzeszone by\u0142y w Cechach: Rzemios\u0142 Metalowych w Cz\u0119stochowie, Rzemios\u0142 R\u00f3\u017cnych: w Cz\u0119stochowie, K\u0142obucku, Koniecpolu, Lubli\u0144cu, Myszkowie, Ole\u015bnie i Paj\u0119cznie. Cechy te z mocy ustawy o rzemio\u015ble nale\u017ca\u0142y do Izby Rzemie\u015blniczej. W Izbie zrzeszone by\u0142y r\u00f3wnie\u017c, dzia\u0142aj\u0105ce na terenie wojew\u00f3dztwa cz\u0119stochowskiego, Sp\u00f3\u0142dzielnie Rzemie\u015blnicze: \u201eRzemie\u015blnik\u201d, Drzewno \u2013 Budowlana, Sk\u00f3rzano \u2013 W\u0142\u00f3kiennicza w Cz\u0119stochowie oraz wielobran\u017cowe w K\u0142obucku i Myszkowie, \u201eUs\u0142uga\u201d w Ole\u015bnie. Pe\u0142n\u0105 dzia\u0142alno\u015b\u0107 o\u015bwiatow\u0105 Izba rozpocz\u0119\u0142a w II p\u00f3\u0142roczu 1978 r.; \u00f3wczesny Zarz\u0105d powo\u0142a\u0142 31 komisji egzaminacyjnych, egzaminuj\u0105cych w pi\u0119\u0107dziesi\u0119ciu czterech rzemios\u0142ach.\u00a0Do ko\u0144ca 1978 r. dyplomy mistrzowskie uzyska\u0142o 41 os\u00f3b, a \u015bwiadectwa czeladnicze \u2013 182 osoby.<\/p>\n<p>Dzia\u0142ania Izby Rzemie\u015blniczej spowodowa\u0142y znacz\u0105cy wzrost ilo\u015bci zak\u0142ad\u00f3w w latach osiemdziesi\u0105tych. W zakresie aktywizacji us\u0142ug dla ludno\u015bci organizowano szereg dzia\u0142a\u0144 i podejmowano wiele przedsi\u0119wzi\u0119\u0107.\u00a0 Wprowadzono nowe formy \u015bwiadczenia us\u0142ug, nowoczesne techniki i urz\u0105dzenia. Organizowano wiele imprez handlowych takich jak gie\u0142dy towarowe, Jarmarki Jurajskie, a tak\u017ce festiwale i konkursy. Przy realizacji zada\u0144 bie\u017c\u0105cych rzemios\u0142o napotyka\u0142o na liczne trudno\u015bci zwi\u0105zane\u00a0z zaopatrzeniem surowcowym, brakiem cz\u0119\u015bci zamiennych, maszyn i paliwa. Mo\u017cliwo\u015bci produkcyjne rzemios\u0142a nie zosta\u0142y w pe\u0142ni wykorzystane.<\/p>\n<p>Pierwsze lata osiemdziesi\u0105te by\u0142 to okres wdra\u017cania w \u017cycie zasad reformy we wszystkich dziedzinach gospodarki narodowej. Trudno\u015bci w gospodarce kraju w zasadniczy spos\u00f3b rzutowa\u0142y na warunki funkcjonowania i rozwoju rzemios\u0142a. Realizacja zada\u0144 w tych warunkach nie przebiega\u0142a rytmicznie. Pomimo tego rzemios\u0142o uzyskiwa\u0142o stosunkowo korzystne wyniki gospodarcze. Wzrasta\u0142a sie\u0107 zak\u0142ad\u00f3w. Najwi\u0119kszy przyrost zanotowano w rzemios\u0142ach: metalowych, budowlanych, odzie\u017cowych, chemicznych i sk\u00f3rzanych. Rozw\u00f3j tych bran\u017c spowodowa\u0142 reaktywowanie w Cz\u0119stochowie organizacji rzemie\u015blniczych. Powsta\u0142y Cechy: Rzemios\u0142 Drzewno \u2013 Budowlanych, Rzemios\u0142 Sk\u00f3rzanych, Krawc\u00f3w i Rzemios\u0142 Odzie\u017cowo \u2013 W\u0142\u00f3kienniczych, Kaletnik\u00f3w i Rymarzy, a nast\u0119pnie z Cechu Rzemios\u0142 Sk\u00f3rzanych wy\u0142oni\u0142 si\u0119 Cech Cholewkarzy. W 1981 r. powsta\u0142 r\u00f3wnie\u017c Cech Rzemios\u0142 R\u00f3\u017cnych w Dobrodzieniu. Dla usprawnienia zaopatrzenia rzemios\u0142a Cz\u0119stochowy i regionu w surowce i materia\u0142y powo\u0142ano przy Izbie Rzemie\u015blniczej Zak\u0142ad Hurtowego Zaopatrzenia Rzemios\u0142a, kt\u00f3ry funkcjonowa\u0142 do 1991 r.<\/p>\n<p>W wielorakiej dzia\u0142alno\u015bci Izby mia\u0142a miejsce r\u00f3wnie\u017c dzia\u0142alno\u015b\u0107 spo\u0142eczno \u2013 wychowawcza i kulturalna. Organizowano liczne imprezy o charakterze kulturalnym \u2013 turnieje wiedzy,\u00a0 konkursy zawodowe, zawody w\u0119dkarskie. Rozwini\u0119ty by\u0142 tak\u017ce amatorski ruch artystyczny. Przy rzemio\u015ble cz\u0119stochowskim powsta\u0142 Zesp\u00f3\u0142 Wokalno \u2013 Instrumentalny \u201eWiarusy\u201d, kt\u00f3ry dzia\u0142a po dzie\u0144 dzisiejszy. U\u015bwietnia on wszystkie uroczysto\u015bci i cechowe \u015bwi\u0119ta patronackie. Na podkre\u015blenie zas\u0142uguje dzia\u0142alno\u015b\u0107 Rzemie\u015blniczego M\u0119skiego Ch\u00f3ru \u201ePochodnia\u201d, kt\u00f3ry obchodzi\u0142 ju\u017c 70-letni jubileusz. Ch\u00f3r ten rozs\u0142awia kultur\u0119 polsk\u0105 i rzemios\u0142o Cz\u0119stochowy w kraju i za granic\u0105. W ramach dzia\u0142alno\u015bci socjalnej Izba Rzemie\u015blnicza organizowa\u0142a kolonie dla dzieci, obozy i zimowiska dla uczni\u00f3w rzemios\u0142a, zajmowa\u0142a si\u0119 r\u00f3wnie\u017c rozdzia\u0142em skierowa\u0144 na wczasy i leczenie sanatoryjne, przyznawa\u0142a zapomogi i stypendia dla uczni\u00f3w rzemios\u0142a. Na rozw\u00f3j rzemios\u0142a w Cz\u0119stochowie du\u017cy wp\u0142yw mia\u0142 fakt istnienia Sanktuarium Maryjnego \u2013 Jasnej G\u00f3ry. R\u00f3wnie\u017c dzia\u0142ania organizacji rzemie\u015blniczych ukierunkowane by\u0142y na organizacj\u0119 imprez og\u00f3lnopolskich.<\/p>\n<p>Z inicjatywy Starszyzny Cechu Krawc\u00f3w i Rzemios\u0142 W\u0142\u00f3kienniczych Miasta Cz\u0119stochowy we wsp\u00f3\u0142pracy ze Starszyzn\u0105 Cechu Krawc\u00f3w i Rzemios\u0142 Odzie\u017cowo \u2013 W\u0142\u00f3kienniczych z Cz\u0119stochowy, 27 czerwca 1982 r. odby\u0142a si\u0119 I Og\u00f3lnopolska Pielgrzymka Rzemios\u0142a na Jasn\u0105 G\u00f3r\u0119. Pielgrzymki rzemios\u0142a odbywaj\u0105 si\u0119 co roku w ostatni\u0105 niedziel\u0119 czerwca. Organizatorami s\u0105 poszczeg\u00f3lne izby rzemie\u015blnicze.<\/p>\n<p>W latach osiemdziesi\u0105tych organizacje rzemie\u015blnicze przyj\u0119\u0142y na siebie obowi\u0105zek wykonania wielu zada\u0144 administracyjnych na rzecz zrzeszonych rzemie\u015blnik\u00f3w m.in. wydawanie kartek \u017cywno\u015bciowych, rozdzia\u0142 paliwa, przydzia\u0142 samochod\u00f3w, rozdzia\u0142 materia\u0142\u00f3w i surowc\u00f3w. Powodowa\u0142o to konieczno\u015b\u0107 zwi\u0119kszenia zatrudnienia w administracji naszych organizacji. Personel Izby liczy\u0142 w\u00f3wczas 39 os\u00f3b. Dla poprawy warunk\u00f3w lokalowych, aktyw cech\u00f3w i Izby Rzemie\u015blniczej zainicjowa\u0142 budow\u0119 Domu Rzemios\u0142a przy ul. Dekabryst\u00f3w w Cz\u0119stochowie. Decyzje dotycz\u0105ce budowy podejmowa\u0142 Spo\u0142eczny Komitet Budowy, w sk\u0142ad kt\u00f3rego wchodzili przedstawiciele Izby Rzemie\u015blniczej w Cz\u0119stochowie. Inwestorem zast\u0119pczym by\u0142 Cech Rzemios\u0142 R\u00f3\u017cnych w Cz\u0119stochowie. Budow\u0119 realizowano ze sk\u0142adek rzemie\u015blnik\u00f3w i funduszy Izby Rzemie\u015blniczej, zako\u0144czono j\u0105 w 1991 r.\u00a0 Zmiana ustawy o rzemio\u015ble w 1989 r. wprowadzi\u0142a dobrowolno\u015b\u0107 przynale\u017cno\u015bci rzemie\u015blnik\u00f3w do organizacji rzemios\u0142a, co spowodowa\u0142o spadek ilo\u015bci zak\u0142ad\u00f3w zrzeszonych w organizacjach i w zwi\u0105zku z tym konieczno\u015b\u0107 ograniczenia zatrudnienia w administracji. W tej sytuacji organizacje rzemie\u015blnicze postanowi\u0142y, \u017ce siedzib\u0105 ich b\u0119dzie budynek przy Al. Ko\u015bciuszki, a obiekt przy ul. Dekabryst\u00f3w wydzier\u017cawiono bankowi. W tym czasie nast\u0105pi\u0142 wyra\u017any wzrost produkcji eksportowej.<\/p>\n<p>W 1986 r. og\u00f3\u0142em w sp\u00f3\u0142dzielniach rzemie\u015blniczych naszego wojew\u00f3dztwa zrzeszonych by\u0142o 4.148 zak\u0142ad\u00f3w, tj. 47,4 % og\u00f3\u0142u zak\u0142ad\u00f3w. Na koniec 1988 r. Izba Rzemie\u015blnicza zrzesza\u0142a 14 cech\u00f3w i 10 sp\u00f3\u0142dzielni rzemie\u015blniczych, w kt\u00f3rych zarejestrowanych by\u0142o 9.678 zak\u0142ad\u00f3w, zatrudniaj\u0105cych 21.702 osoby, w tym 2.783 uczni\u00f3w.<\/p>\n<p>Pierwsze lata dziewi\u0119\u0107dziesi\u0105te to dla rzemios\u0142a bardzo trudny okres. Stan zak\u0142ad\u00f3w znacznie si\u0119 zmniejszy\u0142. Na dzie\u0144 31 grudnia 1992 r. w wojew\u00f3dztwie cz\u0119stochowskim zarejestrowano 5.114 zak\u0142ad\u00f3w. Ubytki zak\u0142ad\u00f3w wynika\u0142y przede wszystkim z rezygnacji z przynale\u017cno\u015bci do cech\u00f3w, zaprzestania dzia\u0142alno\u015bci z przyczyn znacznych obci\u0105\u017ce\u0144 finansowych, zmiany rodzaju dzia\u0142alno\u015bci na bardziej op\u0142acaln\u0105 \u2013 handlow\u0105. Utrzymywa\u0142a si\u0119 niepewno\u015b\u0107 co do rozwi\u0105za\u0144 ekonomicznych i prawno \u2013 organizacyjnych. Ros\u0142y wci\u0105\u017c koszty, a wi\u0119c bardzo drogie kredyty, podwy\u017cszone sk\u0142adki ZUS, op\u0142aty za energi\u0119 elektryczn\u0105 i gaz, id\u0105ce nieustannie w g\u00f3r\u0119 ceny materia\u0142\u00f3w, surowc\u00f3w, urz\u0105dze\u0144, paliw oraz podatki i op\u0142aty lokalne. Doprowadzi\u0142o to do likwidacji wielu zak\u0142ad\u00f3w rzemie\u015blniczych, spadku zatrudnienia, ograniczenia produkcji, rezygnacji z przynale\u017cno\u015bci do cech\u00f3w. W trudnej sytuacji znalaz\u0142y si\u0119 organizacje rzemie\u015blnicze. Brak \u015brodk\u00f3w pieni\u0119\u017cnych spowodowa\u0142 ograniczenie mo\u017cliwo\u015bci dzia\u0142ania organizacji i redukcj\u0119 personelu. Kierownictwo centralnych w\u0142adz rzemios\u0142a oraz Izby Rzemie\u015blniczej podejmowa\u0142o wielostronne dzia\u0142ania na rzecz obrony ca\u0142ego \u015brodowiska i ka\u017cdego rzemie\u015blnika.<\/p>\n<p>W latach 1991 \u20131995 nast\u0105pi\u0142 znacz\u0105cy wzrost zainteresowania zak\u0142ad\u00f3w rzemie\u015blniczych szkoleniem uczni\u00f3w. Na koniec 1995 r. w zak\u0142adach zrzeszonych w cechach zaw\u00f3d rzemie\u015blniczy zdobywa\u0142o 5211 uczni\u00f3w. Najwi\u0119kszym zainteresowaniem uczni\u00f3w cieszy\u0142y si\u0119 takie zawody jak: mechanik pojazdowy, stolarz, cholewkarz, szewc, fryzjer, piekarz i cukiernik. W 1996 roku Zarz\u0105d naszej Izby podpisa\u0142 porozumienie o wsp\u00f3\u0142pracy z Niemieck\u0105 Izb\u0105 Rzemie\u015blnicz\u0105 Arnsberg. W ramach powy\u017cszego porozumienia prowadzona by\u0142a wymiana uczni\u00f3w rzemios\u0142a, dokszta\u0142cania czeladnik\u00f3w i mistrz\u00f3w w zakresie technicznym, produkcyjnym i handlowym oraz wymienne spotkania przedstawicieli obu Izb. W dalszym ci\u0105gu Izba nasza skupi\u0142a uwag\u0119 na zacie\u015bnieniu wsp\u00f3\u0142pracy z organami administracji pa\u0144stwowej, samorz\u0105dem terytorialnym i gospodarczym. Kontynuowa\u0142a wsp\u00f3\u0142prac\u0119 z Wojew\u00f3dzkim Urz\u0119dem Pracy, Kuratorium O\u015bwiaty, Zak\u0142adem Doskonalenia Zawodowego i Pa\u0144stwow\u0105 Inspekcj\u0105 Pracy. S\u0142u\u017cy\u0142a pomoc\u0105 w\u0142a\u015bcicielom zak\u0142ad\u00f3w rzemie\u015blniczych, przekazuj\u0105c im, za po\u015brednictwem cech\u00f3w i miejscowej prasy oferty wsp\u00f3\u0142pracy z zagranic\u0105. Promowa\u0142a wyroby zak\u0142ad\u00f3w zrzeszonych w cechach organizuj\u0105c Targi Budownictwa.<\/p>\n<p>Z dniem 1 stycznia 1999 roku wszed\u0142 w \u017cycie nowy podzia\u0142 administracyjny kraju. Utworzono 16 wojew\u00f3dztw. Cz\u0119stochowa utraci\u0142a status miasta wojew\u00f3dzkiego. Zosta\u0142a miastem na prawach powiatu w\u0142\u0105czona do wojew\u00f3dztwa \u015bl\u0105skiego. Jednak nowy podzia\u0142 administracyjny kraju nie wp\u0142yn\u0105\u0142 na zmian\u0119 funkcjonowania Izby Cz\u0119stochowskiej. Reforma ta spowodowa\u0142a, \u017ce w ramach nowego wojew\u00f3dztwa \u015bl\u0105skiego znalaz\u0142y si\u0119 dotychczasowe wojew\u00f3dztwa: bielskie, cz\u0119stochowskie oraz katowickie. Reforma administracyjna na\u0142o\u017cy\u0142a na przedstawicieli rzemios\u0142a nowe obowi\u0105zki i zobligowa\u0142a ich do tworzenia nowej p\u0142aszczyzny wsp\u00f3\u0142pracy pomi\u0119dzy izbami rzemie\u015blniczymi.<\/p>\n<p>Rok 2002 nie przyni\u00f3s\u0142 w dzia\u0142alno\u015bci Cz\u0119stochowskiej Izby Rzemie\u015blniczej istotnych zmian. Jak dotychczas organizacje rzemie\u015blnicze wiele uwagi po\u015bwi\u0119ca\u0142y tworzeniu warunk\u00f3w do nauki zawodu. Przyj\u0119ty ustawowy nadz\u00f3r nad przebiegiem przygotowania zawodowego w rzemio\u015ble pracownik\u00f3w m\u0142odocianych mia\u0142 przede wszystkim na celu podniesienie poziomu szkolenia i wspomaganie szkol\u0105cych pracodawc\u00f3w \u2013 rzemie\u015blnik\u00f3w w wype\u0142nianiu obowi\u0105zk\u00f3w o\u015bwiatowych.<\/p>\n<p>Na koniec 2002 roku nauk\u0119 zawodu pobiera\u0142o 1850 uczni\u00f3w. Najwi\u0119kszym zainteresowaniem w dalszym ci\u0105gu cieszy\u0142y si\u0119 zawody: mechanik pojazdowy, stolarz, fryzjer, piekarz i cukiernik.\u00a0\u00a0\u00a0 W dzia\u0142aj\u0105cych przy Izbie Rzemie\u015blniczej trzydziestu komisjach egzaminacyjnych, egzaminuj\u0105cych na tytu\u0142 czeladnika i mistrza w 54. zawodach, zaanga\u017cowanych by\u0142o 178 os\u00f3b. W okresie 25 \u2013 lecia dzia\u0142alno\u015bci Izby tytu\u0142y czeladnika nadano 25 578 osobom, dyplomy mistrzowskie 3414 osobom.<\/p>\n<p>Na koniec 2002 roku Cz\u0119stochowska Izba Rzemios\u0142a i Przedsi\u0119biorczo\u015bci zrzesza\u0142a 14 cech\u00f3w,\u00a0 4 sp\u00f3\u0142dzielnie rzemie\u015blnicze oraz 30 zak\u0142ad\u00f3w bezpo\u015brednio nale\u017c\u0105cych do Izby. W jednostkach tych zarejestrowanych by\u0142 2460 zak\u0142ad\u00f3w, zatrudniaj\u0105cych 8850 pracownik\u00f3w \u0142\u0105cznie z uczniami.<\/p>\n<p>Na przestrzeni tych poszczeg\u00f3lnych lat s\u0142u\u017cyli\u015bmy rzemios\u0142u pomoc\u0105, przybli\u017caj\u0105c mu wiedz\u0119 prawn\u0105, ekonomiczn\u0105 i r\u00f3wnie\u017c t\u0119 obowi\u0105zuj\u0105c\u0105 w pa\u0144stwach unijnych, szczeg\u00f3lnie dotycz\u0105c\u0105 norm jako\u015bciowych i ochrony \u015brodowiska, udzielali\u015bmy rzemie\u015blnikom pomocy, promuj\u0105c ich dzia\u0142alno\u015b\u0107 gospodarcz\u0105. Pomoc ta przejawia\u0142a si\u0119 w organizowaniu wszelkiego rodzaju seminari\u00f3w, kurs\u00f3w i szkole\u0144 po\u015bwi\u0119conych problematyce ma\u0142ych i \u015brednich przedsi\u0119biorstw.<\/p>\n<p>Obraduj\u0105cy w dniu 23 czerwca 2005 roku VIII Zjazd Delegat\u00f3w Organizacji Rzemie\u015blniczych i Przedsi\u0119biorc\u00f3w zrzeszonych w Cz\u0119stochowskiej Izbie Rzemios\u0142a i Przedsi\u0119biorczo\u015bci dokona\u0142 wyboru organ\u00f3w statutowych Izby i zmieni\u0142 statut Izby rezygnuj\u0105c z Organu jakim jest Rada ustalaj\u0105c, \u017ce co roku odbywa\u0107 si\u0119 b\u0119d\u0105 Zjazdy Sprawozdawcze, a raz na cztery lata odb\u0119dzie si\u0119 Zjazd Wyborczy. Zmiany te zosta\u0142y zatwierdzone decyzj\u0105 S\u0105du Rejonowego w Cz\u0119stochowie, XVII Wydzia\u0142 Gospodarczy Krajowego Rejestru S\u0105dowego.<\/p>\n<p>Cz\u0119stochowska Izba Rzemios\u0142a i Przedsi\u0119biorczo\u015bci jest spo\u0142eczno \u2013 zawodow\u0105 i gospodarcz\u0105 organizacj\u0105, zrzeszaj\u0105c\u0105 w swych strukturach rzemie\u015blnik\u00f3w i przedsi\u0119biorc\u00f3w.\u00a0Jest regionaln\u0105 struktur\u0105 Zwi\u0105zku Rzemios\u0142a Polskiego jako reprezentatywnej organizacji pracodawc\u00f3w.<br \/>\nIzba posiada osobowo\u015b\u0107 prawn\u0105 i dzia\u0142a na podstawie ustawy z dnia 22 marca 1989 r. o rzemio\u015ble (jednolity tekst Dz. U. Nr 112, poz. 979 z 2002 r.) oraz Statutu Izby (jednolity tekst \u2013 za\u0142\u0105cznik do Uchwa\u0142y Nr 1\/2006 Zjazdu Delegat\u00f3w Organizacji Rzemie\u015blniczych i Przedsi\u0119biorc\u00f3w zrzeszonych w Cz\u0119stochowskiej Izbie Rzemios\u0142a i Przedsi\u0119biorczo\u015bci z dnia 29 czerwca 2006 r.).<\/p>\n<p>Podstawowym dzia\u0142aniem Izby jest zapewnienie zrzeszonym w niej cz\u0142onkom pomocy w realizacji zada\u0144, rozwijanie dzia\u0142alno\u015bci gospodarczej, spo\u0142eczno \u2013 zawodowej i kulturalnej rzemios\u0142a i ma\u0142ej przedsi\u0119biorczo\u015bci, udzielanie im wszechstronnej pomocy i ochrony prawnej, reprezentowanie interes\u00f3w rzemios\u0142a i ma\u0142ej przedsi\u0119biorczo\u015bci w kraju i za granic\u0105 oraz przeprowadzanie egzamin\u00f3w kwalifikacyjnych.<\/p>\n<p>Cz\u0119stochowska Izba Rzemios\u0142a i Przedsi\u0119biorczo\u015bci w Cz\u0119stochowie zrzesza obecnie 10 cech\u00f3w rzemie\u015blniczych:<\/p>\n<p>Cech Rzemios\u0142 Drzewno \u2013 Budowlanych<br \/>\nAl. T. Ko\u015bciuszki 6,\u00a0 42-200 Cz\u0119stochowa<br \/>\nTel.\u00a0 34\/324-58-03 e-mail: cechrdb.czest@wp.pl<\/p>\n<p>Cech Rzemios\u0142 Metalowych<br \/>\nAl. T. Ko\u015bciuszki 6,\u00a0 42-200 Cz\u0119stochowa<br \/>\nTel. 34\/324-55-21 e-mail: crm@crm.czest.pl<\/p>\n<p>Cech Krawc\u00f3w i Rzemios\u0142 Odzie\u017cowo \u2013 W\u0142\u00f3kienniczych<br \/>\nAl. T. Ko\u015bciuszki 6,\u00a0 42-200 Cz\u0119stochowa<br \/>\nTel.\u00a0 34\/324-20-94<\/p>\n<p>Cech Rzemios\u0142 Sk\u00f3rzanych<br \/>\nAl. T. Ko\u015bciuszki 6,\u00a0 42-200 Cz\u0119stochowa<br \/>\nTel.\u00a0 695 629 195<\/p>\n<p>Cech Rzemios\u0142 Artystycznych<br \/>\nAl. T. Ko\u015bciuszki 6,\u00a0 42-200 Cz\u0119stochowa<br \/>\nTel.\u00a0 34\/324-58-03 e-mail: cechrdb.czest@wp.pl<\/p>\n<p>Cech Rzemios\u0142 R\u00f3\u017cnych w Dobrodzieniu<br \/>\nPl. Wolno\u015bci 15,\u00a0 46-380 Dobrodzie\u0144<br \/>\nTel. 662 314\u00a0929 e-mail: cech.d@op.pl<\/p>\n<p>Cech Rzemios\u0142 R\u00f3\u017cnych w K\u0142obucku<br \/>\nul. Wielu\u0144ska 6, 42-100 K\u0142obuck<br \/>\nTel. 34\/317-23-64 e-mail: crrklobuck@onet.pl<\/p>\n<p>Powiatowy Cech Rzemios\u0142 i Przedsi\u0119biorczo\u015bci im. Walentego Ro\u017adzie\u0144skiego<br \/>\nPl. Konrada Ma\u0144ki 7,\u00a0\u00a0 42-700 Lubliniec<br \/>\nTel. 34\/353 10 15 e-mail: cechlc@interia.pl<\/p>\n<p>Cech Rzemios\u0142 R\u00f3\u017cnych, Ma\u0142ej i \u015aredniej Przedsi\u0119biorczo\u015bci<br \/>\nul. T. Ko\u015bciuszki 97, 42-300 Myszk\u00f3w<br \/>\nTel. 34\/313-10-58 e-mail: crrmyszkow@wp.pl<\/p>\n<p>Cech Rzemios\u0142 R\u00f3\u017cnych i Ma\u0142ej Przedsi\u0119biorczo\u015bci<br \/>\nul. Wi\u015bniowa 8, 98-330 Paj\u0119czno<br \/>\nTel. 511 082\u00a0705 e-mail: cechrzemiosl1937@wp.pl<\/p>\n<p>&nbsp;<\/p>\n<p>W dniu 14.05.2024 r. Cz\u0119stochowska Izba Rzemios\u0142a i Przedsi\u0119biorczo\u015bci w Cz\u0119stochowie podpisa\u0142a z Narodowym Instytutem Wolno\u015bci &#8211; Centrum Rozwoju Spo\u0142ecze\u0144stwa Obywatelskiego umow\u0119 o dofinansowanie zadania pt. \u201e Wsparcie instytucjonalne i infrastrukturalne Cz\u0119stochowskiej Izby Rzemios\u0142a i Przedsi\u0119biorczo\u015bci&#8221; realizowanego w ramach Rz\u0105dowego Programu Polski Inkubator Rzemios\u0142a na lata 2021-2030 r.<br \/>\nCelem zadania jest wzmocnienie Izby w zakresie potencja\u0142u infrastrukturalnego i organizacyjnego w celu realizacji dzia\u0142a\u0144 statutowych, w tym dotycz\u0105cych rozwoju przedsi\u0119biorczo\u015bci i kszta\u0142cenia dualnego. Zadanie odpowiada na problemy Izby zwi\u0105zane z nisk\u0105 efektywno\u015bci\u0105 bie\u017c\u0105cego funkcjonowania organizacji spowodowan\u0105 brakiem \u015brodk\u00f3w na podwy\u017cszanie kompetencji pracownik\u00f3w Izby.<br \/>\nW ramach zadania przewidziane s\u0105 nast\u0119puj\u0105ce dzia\u0142ania:<\/p>\n<ul>\n<li>zakup us\u0142ug szkoleniowych dla pracownik\u00f3w Izby (maj\u0105cych na celu podniesienie ich kompetencji)<\/li>\n<li>zakup us\u0142ugi wdro\u017cenia innowacyjnego systemu obs\u0142ugi oraz zarz\u0105dzania klient\u00f3w kt\u00f3rego celem jest wspieranie wybranych proces\u00f3w biznesowych organizacji<\/li>\n<\/ul>\n<p>Warto\u015b\u0107 dofinansowania: 60\u00a0000,00 PLN<br \/>\nCa\u0142kowita warto\u015b\u0107 zadania: 60\u00a0000,00 PLN<\/p>\n<p>&nbsp;<\/p>\n<p>W dniu 24.05.2024 r. Cz\u0119stochowska Izba Rzemios\u0142a u Przedsi\u0119biorczo\u015bci w Cz\u0119stochowie podpisa\u0142a z Narodowym Instytutem Wolno\u015bci &#8211; Centrum Rozwoju Spo\u0142ecze\u0144stwa Obywatelskiego umow\u0119 o dofinansowanie zadania pt. \u201eWsparcie instytucjonalne i infrastrukturalne Cz\u0119stochowskiej Izby Rzemios\u0142a i Przedsi\u0119biorczo\u015bci&#8221; realizowanego w ramach Rz\u0105dowego Programu Polski Inkubator Rzemios\u0142a na lata 2021-2030 r.<br \/>\nCelem zadania jest wzmocnienie Izby w zakresie potencja\u0142u infrastrukturalnego i organizacyjnego w celu realizacji dzia\u0142a\u0144 statutowych, w tym dotycz\u0105cych rozwoju przedsi\u0119biorczo\u015bci i kszta\u0142cenia dualnego. Zadanie odpowiada na problemy Izby zwi\u0105zane z nisk\u0105 efektywno\u015bci\u0105 bie\u017c\u0105cego funkcjonowania organizacji spowodowan\u0105 brakiem \u015brodk\u00f3w na podwy\u017cszanie kompetencji pracownik\u00f3w Izby.<br \/>\nCelem zadania jest rozw\u00f3j i promocja kszta\u0142cenia dualnego w rzemio\u015ble. W ramach projektu planujemy nast\u0119puj\u0105ce dzia\u0142ania:<\/p>\n<ul>\n<li>organizacja konkurs\u00f3w o zawodach i konkursy zawodowe dla dzieci i m\u0142odzie\u017cy &#8211; celem konkurs\u00f3w jest kszta\u0142towanie pozytywnego wizerunku pracy zawodowej i promowanie wiedzy o rynku pracy,<\/li>\n<li>przygotowanie materia\u0142\u00f3w promocyjnych i edukacyjnych<\/li>\n<li>organizacja szkole\u0144 dla uczni\u00f3w, pracownik\u00f3w Izby oraz pracodawc\u00f3w<\/li>\n<\/ul>\n<p>Dzia\u0142ania powy\u017csze s\u0105 odpowiedzi\u0105 na problemy wynikaj\u0105ce z niskiego zainteresowania m\u0142odzie\u017cy wyborem szk\u00f3\u0142 bran\u017cowych. Dzia\u0142ania promocyjne s\u0105 wi\u0119c niezb\u0119dne w celu osi\u0105gni\u0119cia pozytywnych zmian w zakresie kszta\u0142towania wizerunku szkolnictwa zawodowego. Adresatem powy\u017cszych dzia\u0142a\u0144 b\u0119d\u0105 g\u0142\u00f3wnie dzieci oraz m\u0142odzie\u017c klas \u00f3smych szk\u00f3\u0142 podstawowych, m\u0142odzie\u017c ucz\u0105ca si\u0119 w szko\u0142ach bran\u017cowych, jak r\u00f3wnie\u017c pracodawcy szkol\u0105cy m\u0142odzie\u017c w celu przygotowania zawodowego.<br \/>\nWarto\u015b\u0107 dofinansowania: 120\u00a0000,00 PLN<br \/>\nCa\u0142kowita warto\u015b\u0107 zadania: 120\u00a0000,00 PLN<\/p>\n<p>&nbsp;<\/p>\n<p><img loading=\"lazy\" decoding=\"async\" class=\"alignnone size-medium wp-image-4903\" src=\"https:\/\/cirzem.pl\/wp-content\/uploads\/2024\/09\/znaki_strona_www-4-300x100.png\" alt=\"\" width=\"300\" height=\"100\" srcset=\"https:\/\/cirzem.pl\/wp-content\/uploads\/2024\/09\/znaki_strona_www-4-300x100.png 300w, https:\/\/cirzem.pl\/wp-content\/uploads\/2024\/09\/znaki_strona_www-4-1024x341.png 1024w, https:\/\/cirzem.pl\/wp-content\/uploads\/2024\/09\/znaki_strona_www-4-768x256.png 768w, https:\/\/cirzem.pl\/wp-content\/uploads\/2024\/09\/znaki_strona_www-4-1536x511.png 1536w, https:\/\/cirzem.pl\/wp-content\/uploads\/2024\/09\/znaki_strona_www-4.png 1751w\" sizes=\"auto, (max-width: 300px) 100vw, 300px\" \/><\/p>\n<p><img loading=\"lazy\" decoding=\"async\" class=\"alignnone size-medium wp-image-4904\" src=\"https:\/\/cirzem.pl\/wp-content\/uploads\/2024\/09\/PIR_zestawienie_3_skrocone_plik_edytowalny_KOLOR-300x55.jpg\" alt=\"\" width=\"300\" height=\"55\" srcset=\"https:\/\/cirzem.pl\/wp-content\/uploads\/2024\/09\/PIR_zestawienie_3_skrocone_plik_edytowalny_KOLOR-300x55.jpg 300w, https:\/\/cirzem.pl\/wp-content\/uploads\/2024\/09\/PIR_zestawienie_3_skrocone_plik_edytowalny_KOLOR-1024x188.jpg 1024w, https:\/\/cirzem.pl\/wp-content\/uploads\/2024\/09\/PIR_zestawienie_3_skrocone_plik_edytowalny_KOLOR-768x141.jpg 768w, https:\/\/cirzem.pl\/wp-content\/uploads\/2024\/09\/PIR_zestawienie_3_skrocone_plik_edytowalny_KOLOR-1536x281.jpg 1536w, https:\/\/cirzem.pl\/wp-content\/uploads\/2024\/09\/PIR_zestawienie_3_skrocone_plik_edytowalny_KOLOR-1920x352.jpg 1920w\" sizes=\"auto, (max-width: 300px) 100vw, 300px\" \/>[\/vc_column_text][\/vc_column][\/vc_row]<\/p>\n","protected":false},"excerpt":{"rendered":"<p>[vc_row][vc_column][vc_empty_space height=&#8221;20px&#8221;][vc_row_inner][vc_column_inner width=&#8221;1\/2&#8243;][vc_custom_heading text=&#8221;Historia Cz\u0119stochowskiej Izby Rzemios\u0142a i Przedsi\u0119biorczo\u015bci&#8221; font_container=&#8221;tag:h3|font_size:38px|text_align:left|color:%230a0a0a&#8221; google_fonts=&#8221;font_family:Roboto%3A100%2C100italic%2C300%2C300italic%2Cregular%2Citalic%2C500%2C500italic%2C700%2C700italic%2C900%2C900italic|font_style:400%20regular%3A400%3Anormal&#8221; css=&#8221;.vc_custom_1675343856298{margin-bottom: 20px !important;}&#8221;][vc_column_text]Izba Rzemie\u015blnicza w Cz\u0119stochowie utworzona zosta\u0142a z dniem 1 stycznia 1978 roku decyzj\u0105 Centralnego Zwi\u0105zku Rzemios\u0142a Polskiego w Warszawie na podstawie Uchwa\u0142y Nr 39 w porozumieniu z wojewod\u0105 cz\u0119stochowskim. Dzia\u0142o si\u0119 to trzy lata po dokonaniu nowego podzia\u0142u administracyjnego kraju i utworzeniu [&hellip;]<\/p>\n","protected":false},"author":3,"featured_media":0,"parent":0,"menu_order":0,"comment_status":"closed","ping_status":"closed","template":"","meta":{"footnotes":""},"class_list":["post-179","page","type-page","status-publish","hentry"],"_links":{"self":[{"href":"https:\/\/cirzem.pl\/index.php\/wp-json\/wp\/v2\/pages\/179","targetHints":{"allow":["GET"]}}],"collection":[{"href":"https:\/\/cirzem.pl\/index.php\/wp-json\/wp\/v2\/pages"}],"about":[{"href":"https:\/\/cirzem.pl\/index.php\/wp-json\/wp\/v2\/types\/page"}],"author":[{"embeddable":true,"href":"https:\/\/cirzem.pl\/index.php\/wp-json\/wp\/v2\/users\/3"}],"replies":[{"embeddable":true,"href":"https:\/\/cirzem.pl\/index.php\/wp-json\/wp\/v2\/comments?post=179"}],"version-history":[{"count":23,"href":"https:\/\/cirzem.pl\/index.php\/wp-json\/wp\/v2\/pages\/179\/revisions"}],"predecessor-version":[{"id":5138,"href":"https:\/\/cirzem.pl\/index.php\/wp-json\/wp\/v2\/pages\/179\/revisions\/5138"}],"wp:attachment":[{"href":"https:\/\/cirzem.pl\/index.php\/wp-json\/wp\/v2\/media?parent=179"}],"curies":[{"name":"wp","href":"https:\/\/api.w.org\/{rel}","templated":true}]}}